{"id":3155,"date":"2025-07-21T21:56:04","date_gmt":"2025-07-22T00:56:04","guid":{"rendered":"https:\/\/www.saem.org.ar\/congreso2025\/?page_id=3155"},"modified":"2025-10-20T15:21:13","modified_gmt":"2025-10-20T18:21:13","slug":"invitados-extranjeros","status":"publish","type":"page","link":"https:\/\/www.saem.org.ar\/congreso2025\/invitados-extranjeros\/","title":{"rendered":"Invitados Extranjeros"},"content":{"rendered":"\t\t<div data-elementor-type=\"wp-page\" data-elementor-id=\"3155\" class=\"elementor elementor-3155\" data-elementor-settings=\"{&quot;ha_cmc_init_switcher&quot;:&quot;no&quot;}\" data-elementor-post-type=\"page\">\n\t\t\t\t<div class=\"elementor-element elementor-element-45a0654 e-flex e-con-boxed e-con e-parent\" data-id=\"45a0654\" data-element_type=\"container\" data-e-type=\"container\" data-settings=\"{&quot;background_background&quot;:&quot;classic&quot;,&quot;shape_divider_bottom&quot;:&quot;mountains&quot;,&quot;_ha_eqh_enable&quot;:false}\">\n\t\t\t\t\t<div class=\"e-con-inner\">\n\t\t\t\t<div class=\"elementor-shape elementor-shape-bottom\" aria-hidden=\"true\" data-negative=\"false\">\n\t\t\t<svg xmlns=\"http:\/\/www.w3.org\/2000\/svg\" viewBox=\"0 0 1000 100\" preserveAspectRatio=\"none\">\n\t<path class=\"elementor-shape-fill\" opacity=\"0.33\" d=\"M473,67.3c-203.9,88.3-263.1-34-320.3,0C66,119.1,0,59.7,0,59.7V0h1000v59.7 c0,0-62.1,26.1-94.9,29.3c-32.8,3.3-62.8-12.3-75.8-22.1C806,49.6,745.3,8.7,694.9,4.7S492.4,59,473,67.3z\"\/>\n\t<path class=\"elementor-shape-fill\" opacity=\"0.66\" d=\"M734,67.3c-45.5,0-77.2-23.2-129.1-39.1c-28.6-8.7-150.3-10.1-254,39.1 s-91.7-34.4-149.2,0C115.7,118.3,0,39.8,0,39.8V0h1000v36.5c0,0-28.2-18.5-92.1-18.5C810.2,18.1,775.7,67.3,734,67.3z\"\/>\n\t<path class=\"elementor-shape-fill\" d=\"M766.1,28.9c-200-57.5-266,65.5-395.1,19.5C242,1.8,242,5.4,184.8,20.6C128,35.8,132.3,44.9,89.9,52.5C28.6,63.7,0,0,0,0 h1000c0,0-9.9,40.9-83.6,48.1S829.6,47,766.1,28.9z\"\/>\n<\/svg>\t\t<\/div>\n\t\t<div class=\"elementor-element elementor-element-be1792c e-con-full e-flex e-con e-child\" data-id=\"be1792c\" data-element_type=\"container\" data-e-type=\"container\" data-settings=\"{&quot;_ha_eqh_enable&quot;:false}\">\n\t\t\t\t<div class=\"elementor-element elementor-element-e57b903 elementor-widget elementor-widget-image-box\" data-id=\"e57b903\" data-element_type=\"widget\" data-e-type=\"widget\" data-widget_type=\"image-box.default\">\n\t\t\t\t\t<div class=\"elementor-image-box-wrapper\"><div class=\"elementor-image-box-content\"><h3 class=\"elementor-image-box-title\">Invitados Extranjeros<\/h3><p class=\"elementor-image-box-description\">XXIV Congreso de Endocrinolog\u00eda y Metabolismo. SAEM 2025<\/p><\/div><\/div>\t\t\t\t<\/div>\n\t\t\t\t<\/div>\n\t\t\t\t\t<\/div>\n\t\t\t\t<\/div>\n\t\t<div class=\"elementor-element elementor-element-ef2a4da e-flex e-con-boxed e-con e-parent\" data-id=\"ef2a4da\" data-element_type=\"container\" data-e-type=\"container\" data-settings=\"{&quot;_ha_eqh_enable&quot;:false}\">\n\t\t\t\t\t<div class=\"e-con-inner\">\n\t\t<div class=\"elementor-element elementor-element-83f2709 e-con-full e-flex e-con e-child\" data-id=\"83f2709\" data-element_type=\"container\" data-e-type=\"container\" data-settings=\"{&quot;_ha_eqh_enable&quot;:false}\">\n\t\t\t\t<div class=\"elementor-element elementor-element-5424f1f elementor-position-left elementor-vertical-align-top elementor-widget elementor-widget-image-box\" data-id=\"5424f1f\" data-element_type=\"widget\" data-e-type=\"widget\" id=\"ayala\" data-widget_type=\"image-box.default\">\n\t\t\t\t\t<div class=\"elementor-image-box-wrapper\"><figure class=\"elementor-image-box-img\"><img fetchpriority=\"high\" decoding=\"async\" width=\"400\" height=\"500\" src=\"https:\/\/www.saem.org.ar\/congreso2025\/doc\/2025\/07\/Alejandro-Ayala.jpg\" class=\"attachment-full size-full wp-image-3138\" alt=\"\" srcset=\"https:\/\/www.saem.org.ar\/congreso2025\/doc\/2025\/07\/Alejandro-Ayala.jpg 400w, https:\/\/www.saem.org.ar\/congreso2025\/doc\/2025\/07\/Alejandro-Ayala-240x300.jpg 240w\" sizes=\"(max-width: 400px) 100vw, 400px\" \/><\/figure><div class=\"elementor-image-box-content\"><h3 class=\"elementor-image-box-title\">Alejandro Ayala<\/h3><p class=\"elementor-image-box-description\">El Dr. Alejandro Ayala obtuvo su t\u00edtulo de m\u00e9dico en la Universidad Federal Fluminense de R\u00edo de Janeiro. Realiz\u00f3 su residencia en Medicina Interna en la Universidad Federal de S\u00e3o Paulo y posteriormente en el Georgetown\/Washington Hospital Center en Washington, D.C.\nSe especializ\u00f3 en Endocrinolog\u00eda en la Universidad de Johns Hopkins, en Baltimore, y complet\u00f3 su formaci\u00f3n en investigaci\u00f3n y endocrinolog\u00eda cl\u00ednica en el Institutos Nacionales de la Salud (NIH) en Bethesda, Maryland, donde permaneci\u00f3 como investigador cl\u00ednico y docente. Posteriormente, trabaj\u00f3 como investigador y director asociado en Pfizer y obtuvo un MBA en Administraci\u00f3n y Salud en la Universidad de Miami, Florida.\nDurante 15 a\u00f1os, fue profesor, investigador y Director del Servicio de Neuroendocrinolog\u00eda y Enfermedades Pituitarias en la Universidad de Miami, donde tambi\u00e9n se desempe\u00f1\u00f3 como Jefe del Servicio Cl\u00ednico de la Divisi\u00f3n de Endocrinolog\u00eda.\nActualmente, es Director Senior de Investigaci\u00f3n Cl\u00ednica en Crinetics, una empresa de biotecnolog\u00eda con sede en San Diego especializada en enfermedades endocrinas. Sus \u00e1reas de concentraci\u00f3n incluyen neuroendocrinolog\u00eda, enfermedades pituitarias y adrenales, y la respuesta hormonal al estr\u00e9s.\nHa publicado numerosos art\u00edculos cient\u00edficos en revistas internacionales, adem\u00e1s de cap\u00edtulos de libros y res\u00famenes documentales. En reconocimiento a su trayectoria como docente e investigador, ha recibido varios premios. Es miembro de la American College of Physicians (ACP), European Society of Endocrinology, Endocrine Society, Pituitary Society, y la Sociedad Paraguaya de Endocrinolog\u00eda.\n<\/p><\/div><\/div>\t\t\t\t<\/div>\n\t\t\t\t<\/div>\n\t\t<div class=\"elementor-element elementor-element-2ebb944 e-con-full e-flex e-con e-child\" data-id=\"2ebb944\" data-element_type=\"container\" data-e-type=\"container\" id=\"boucai\" data-settings=\"{&quot;_ha_eqh_enable&quot;:false}\">\n\t\t\t\t<div class=\"elementor-element elementor-element-bf7345b elementor-position-left elementor-vertical-align-top elementor-widget elementor-widget-image-box\" data-id=\"bf7345b\" data-element_type=\"widget\" data-e-type=\"widget\" data-widget_type=\"image-box.default\">\n\t\t\t\t\t<div class=\"elementor-image-box-wrapper\"><figure class=\"elementor-image-box-img\"><img decoding=\"async\" width=\"400\" height=\"500\" src=\"https:\/\/www.saem.org.ar\/congreso2025\/doc\/2025\/07\/Laura-Boucai.jpg\" class=\"attachment-full size-full wp-image-3143\" alt=\"\" srcset=\"https:\/\/www.saem.org.ar\/congreso2025\/doc\/2025\/07\/Laura-Boucai.jpg 400w, https:\/\/www.saem.org.ar\/congreso2025\/doc\/2025\/07\/Laura-Boucai-240x300.jpg 240w\" sizes=\"(max-width: 400px) 100vw, 400px\" \/><\/figure><div class=\"elementor-image-box-content\"><h3 class=\"elementor-image-box-title\">Laura Boucai<\/h3><p class=\"elementor-image-box-description\">La doctora Laura Boucai es Profesora Asociada de Memorial Sloan Kettering Cancer Center y Weill Cornell Medical College en New York. Se gradu\u00f3 con honores de la Facultad de Medicina de la Universidad de Buenos Aires, completo su residencia en Medicina Interna en Cornell y su fellowship en Endocrinologia y Enfermedades Metab\u00f3licas en Albert Einstein College of Medicine. Actualmente se dedica al tratamiento de pacientes con cancer de tiroides y su l\u00ednea de investigaci\u00f3n es  entender los mecanismos de susceptibilidad al iodo radioactivo y el rol de la hematopoiesis clonal en el desarrollo del cancer de tiroides. La Dra. Boucai es l\u00edder del grupo tiroides en la Sociedad Endocrinologica Americana, es Secretaria del International Thyroid Oncology Group y presidente de Women in Thyroid de la American Thyroid Association. Su objetivo es crear lazos colaborativos con investigadores de diversas procedencias y entrenar a la generaci\u00f3n futura para el beneficio de los pacientes con las formas mas avanzadas de cancer de tiroides.<\/p><\/div><\/div>\t\t\t\t<\/div>\n\t\t\t\t<\/div>\n\t\t<div class=\"elementor-element elementor-element-7d0062e e-con-full e-flex e-con e-child\" data-id=\"7d0062e\" data-element_type=\"container\" data-e-type=\"container\" data-settings=\"{&quot;_ha_eqh_enable&quot;:false}\">\n\t\t\t\t<div class=\"elementor-element elementor-element-344342c elementor-position-left elementor-vertical-align-top elementor-widget elementor-widget-image-box\" data-id=\"344342c\" data-element_type=\"widget\" data-e-type=\"widget\" id=\"leandro\" data-widget_type=\"image-box.default\">\n\t\t\t\t\t<div class=\"elementor-image-box-wrapper\"><figure class=\"elementor-image-box-img\"><img decoding=\"async\" width=\"400\" height=\"500\" src=\"https:\/\/www.saem.org.ar\/congreso2025\/doc\/2025\/07\/Leandro-Kasuki.jpg\" class=\"attachment-full size-full wp-image-3144\" alt=\"\" srcset=\"https:\/\/www.saem.org.ar\/congreso2025\/doc\/2025\/07\/Leandro-Kasuki.jpg 400w, https:\/\/www.saem.org.ar\/congreso2025\/doc\/2025\/07\/Leandro-Kasuki-240x300.jpg 240w\" sizes=\"(max-width: 400px) 100vw, 400px\" \/><\/figure><div class=\"elementor-image-box-content\"><h3 class=\"elementor-image-box-title\">Leandro Kasuki<\/h3><p class=\"elementor-image-box-description\">Doctor en Endocrinolog\u00eda por la Universidad Federal de R\u00edo de Janeiro (UFRJ)<br>\nInvestigador y Profesor de Endocrinolog\u00eda en la UFRJ<br>\nM\u00e9dico de la Unidad de Neuroendocrinolog\u00eda del Instituto Estadual do C\u00e9rebro Paulo Niemeyer<br>\nDirector y ex Presidente del Departamento de Neuroendocrinolog\u00eda de la Sociedad Brasile\u00f1a de Endocrinolog\u00eda y Metabolismo (SBEM)\n<\/p><\/div><\/div>\t\t\t\t<\/div>\n\t\t\t\t<\/div>\n\t\t<div class=\"elementor-element elementor-element-0e88022 e-con-full e-flex e-con e-child\" data-id=\"0e88022\" data-element_type=\"container\" data-e-type=\"container\" id=\"pilar\" data-settings=\"{&quot;_ha_eqh_enable&quot;:false}\">\n\t\t\t\t<div class=\"elementor-element elementor-element-7267a97 elementor-position-left elementor-vertical-align-top elementor-widget elementor-widget-image-box\" data-id=\"7267a97\" data-element_type=\"widget\" data-e-type=\"widget\" data-widget_type=\"image-box.default\">\n\t\t\t\t\t<div class=\"elementor-image-box-wrapper\"><figure class=\"elementor-image-box-img\"><img loading=\"lazy\" decoding=\"async\" width=\"400\" height=\"500\" src=\"https:\/\/www.saem.org.ar\/congreso2025\/doc\/2025\/07\/pilar-de-la-pena.jpg\" class=\"attachment-full size-full wp-image-3145\" alt=\"\" srcset=\"https:\/\/www.saem.org.ar\/congreso2025\/doc\/2025\/07\/pilar-de-la-pena.jpg 400w, https:\/\/www.saem.org.ar\/congreso2025\/doc\/2025\/07\/pilar-de-la-pena-240x300.jpg 240w\" sizes=\"(max-width: 400px) 100vw, 400px\" \/><\/figure><div class=\"elementor-image-box-content\"><h3 class=\"elementor-image-box-title\">Pilar de la Pe\u00f1a<\/h3><p class=\"elementor-image-box-description\">Endocrin\u00f3loga egresada de la Universidad Aut\u00f3noma de Guadalajara, M\u00e9xico<br>\nHospital Real San Jos\u00e9 Valle Real en Guadalajara, M\u00e9xico<br>\nPresidenta electa en FELAEN<br>Miembro del comit\u00e9 ejecutivo y del grupo de trabajo de educaci\u00f3n para ISE <br>\nMiembro del grupo en investigaci\u00f3n para FELAEN<br>\nRevisora de la Revista Colombiana de Endocrinolog\u00eda y Metabolismo \n<\/p><\/div><\/div>\t\t\t\t<\/div>\n\t\t\t\t<\/div>\n\t\t<div class=\"elementor-element elementor-element-d514977 e-con-full e-flex e-con e-child\" data-id=\"d514977\" data-element_type=\"container\" data-e-type=\"container\" id=\"ingrid\" data-settings=\"{&quot;_ha_eqh_enable&quot;:false}\">\n\t\t\t\t<div class=\"elementor-element elementor-element-02fd9de elementor-position-left elementor-vertical-align-top elementor-widget elementor-widget-image-box\" data-id=\"02fd9de\" data-element_type=\"widget\" data-e-type=\"widget\" data-widget_type=\"image-box.default\">\n\t\t\t\t\t<div class=\"elementor-image-box-wrapper\"><figure class=\"elementor-image-box-img\"><img loading=\"lazy\" decoding=\"async\" width=\"400\" height=\"500\" src=\"https:\/\/www.saem.org.ar\/congreso2025\/doc\/2025\/07\/Ingrid-Libman.jpg\" class=\"attachment-full size-full wp-image-3216\" alt=\"\" srcset=\"https:\/\/www.saem.org.ar\/congreso2025\/doc\/2025\/07\/Ingrid-Libman.jpg 400w, https:\/\/www.saem.org.ar\/congreso2025\/doc\/2025\/07\/Ingrid-Libman-240x300.jpg 240w\" sizes=\"(max-width: 400px) 100vw, 400px\" \/><\/figure><div class=\"elementor-image-box-content\"><h3 class=\"elementor-image-box-title\">Ingrid Libman<\/h3><p class=\"elementor-image-box-description\">La Doctora Ingrid Libman es Profesora de la Divisi\u00f3n de Endocrinolog\u00eda Pedi\u00e1trica y Diabetes de la Facultad de Medicina, Profesora de Epidemiologia de la Facultad de Salud P\u00fablica, en la Universidad de Pittsburgh y Directora del Programa de Diabetes de UPMC Children\u2019s Hospital of Pittsburgh. La Dra. Libman se gradu\u00f3 de la Facultad de Medicina de la Universidad de Rosario, Argentina y realizo su Doctorado en Salud P\u00fablica en la Universidad de Pittsburgh. Posteriormente, complet\u00f3 su residencia en pediatr\u00eda y especializaci\u00f3n en endocrinolog\u00eda pedi\u00e1trica y diabetes en UPMC Children\u2019s Hospital of Pittsburgh. Sus intereses cient\u00edficos se centran en la etiolog\u00eda, predicci\u00f3n, prevenci\u00f3n y manejo de la diabetes en la poblaci\u00f3n pedi\u00e1trica. La Dra. Libman ha participado y liderado numerosos estudios multic\u00e9ntricos nacionales e internacionales a lo largo de los a\u00f1os, siendo actualmente investigadora principal del centro de la Universidad de Pittsburgh para el estudio TrialNet. La Dra. Libman se ha desempe\u00f1ado como presidenta del Grupo de Inter\u00e9s sobre Diabetes en J\u00f3venes de la Asociaci\u00f3n Americana de Diabetes (ADA) y miembro del Consejo Asesor de la Sociedad Internacional de Diabetes Pedi\u00e1trica y Adolescente (ISPAD).<\/p><\/div><\/div>\t\t\t\t<\/div>\n\t\t\t\t<\/div>\n\t\t<div class=\"elementor-element elementor-element-a85b3fe e-con-full e-flex e-con e-child\" data-id=\"a85b3fe\" data-element_type=\"container\" data-e-type=\"container\" id=\"robert\" data-settings=\"{&quot;_ha_eqh_enable&quot;:false}\">\n\t\t\t\t<div class=\"elementor-element elementor-element-9259f01 elementor-position-left elementor-vertical-align-top elementor-widget elementor-widget-image-box\" data-id=\"9259f01\" data-element_type=\"widget\" data-e-type=\"widget\" data-widget_type=\"image-box.default\">\n\t\t\t\t\t<div class=\"elementor-image-box-wrapper\"><figure class=\"elementor-image-box-img\"><img loading=\"lazy\" decoding=\"async\" width=\"400\" height=\"500\" src=\"https:\/\/www.saem.org.ar\/congreso2025\/doc\/2025\/08\/Robert-Paul-Juster.jpg\" class=\"attachment-full size-full wp-image-3296\" alt=\"\" srcset=\"https:\/\/www.saem.org.ar\/congreso2025\/doc\/2025\/08\/Robert-Paul-Juster.jpg 400w, https:\/\/www.saem.org.ar\/congreso2025\/doc\/2025\/08\/Robert-Paul-Juster-240x300.jpg 240w\" sizes=\"(max-width: 400px) 100vw, 400px\" \/><\/figure><div class=\"elementor-image-box-content\"><h3 class=\"elementor-image-box-title\">Robert Paul Juster<\/h3><p class=\"elementor-image-box-description\">Robert-Paul Juster, PhD (il\/lui - he\/him)<br>\n\n\n\nProfesor asociado, Departamento de Psiquiatr\u00eda y Toxicolog\u00eda, Universidad de Montreal<br>\n\n\nInvestigador, Centro de Investigaci\u00f3n, Institut universitaire en sant\u00e9 mentale de Montr\u00e9al<br>\n\n\nDirector del Centro de Estudios sobre Sexo*G\u00e9nero, Alostasis y Resiliencia (CESAR)<br>\n\n\nCodirector del Biobanco Signature, Centro de Investigaci\u00f3n del Institut universitaire en sant\u00e9 mentale de Montr\u00e9al<br>\n\n\nInvestigador, Centro de Investigaci\u00f3n Interdisciplinaria sobre Problemas Maritales y Agresiones Sexuales (CRIPCAS)<br><br>\n\n\nProfesor asociad, Departamento de Psiquiatr\u00eda y Adicciones, Universidad de Montreal<br>\n\n\nInvestigador, Centro de Investigaci\u00f3n del Instituto Universitario de Salud Mental de Montreal<br>\n\n\nDirector, Centro sobre Sexo*G\u00e9nero, Alostasis y Resiliencia (CESAR)<br>\n\n\nCodirector, Biobanco Signature, Centro de Investigaci\u00f3n del Instituto Universitario de Salud Mental de Montreal<br>\n\n\nInvestigador, Centro de Investigaci\u00f3n Interdisciplinaria sobre Problemas de Relaciones \u00cdntimas y Abuso Sexual (CRIPCAS)<\/p><\/div><\/div>\t\t\t\t<\/div>\n\t\t\t\t<\/div>\n\t\t<div class=\"elementor-element elementor-element-6c4cfb7 e-con-full e-flex e-con e-child\" data-id=\"6c4cfb7\" data-element_type=\"container\" data-e-type=\"container\" id=\"rivero\" data-settings=\"{&quot;_ha_eqh_enable&quot;:false}\">\n\t\t\t\t<div class=\"elementor-element elementor-element-8546e16 elementor-position-left elementor-vertical-align-top elementor-widget elementor-widget-image-box\" data-id=\"8546e16\" data-element_type=\"widget\" data-e-type=\"widget\" data-widget_type=\"image-box.default\">\n\t\t\t\t\t<div class=\"elementor-image-box-wrapper\"><figure class=\"elementor-image-box-img\"><img loading=\"lazy\" decoding=\"async\" width=\"400\" height=\"500\" src=\"https:\/\/www.saem.org.ar\/congreso2025\/doc\/2025\/08\/Jaydira-Del-Rivero.jpg\" class=\"attachment-full size-full wp-image-3280\" alt=\"\" srcset=\"https:\/\/www.saem.org.ar\/congreso2025\/doc\/2025\/08\/Jaydira-Del-Rivero.jpg 400w, https:\/\/www.saem.org.ar\/congreso2025\/doc\/2025\/08\/Jaydira-Del-Rivero-240x300.jpg 240w\" sizes=\"(max-width: 400px) 100vw, 400px\" \/><\/figure><div class=\"elementor-image-box-content\"><h3 class=\"elementor-image-box-title\">Jaydira Del Rivero<\/h3><p class=\"elementor-image-box-description\">La Dra. Del Rivero obtuvo su t\u00edtulo de medicina en la Universidad de Veracruz, en Veracruz, M\u00e9xico, y complet\u00f3 su residencia en medicina interna en el Woodhull Medical and Mental Health Center\/NYU-Langone Medical Center.<br>\n\nLa Dra. Del Rivero complet\u00f3 una beca de investigaci\u00f3n en Endocrinolog\u00eda, Diabetes y Metabolismo en el Programa Interinstitucional de Formaci\u00f3n en Endocrinolog\u00eda (IETP) del Instituto Nacional de Diabetes y Enfermedades Digestivas y Renales (NIDDK), el Instituto Nacional de Salud Infantil y Desarrollo Humano (NICHD) y el Instituto Nacional de Investigaci\u00f3n Dental y Craneofacial (NIDCR), donde form\u00f3 parte de un equipo de investigaci\u00f3n que desarrollaba ensayos cl\u00ednicos para el feocromocitoma y el paraganglioma. A continuaci\u00f3n, se incorpor\u00f3 como profesora adjunta al Centro Montefiore Einstein para el Tratamiento del C\u00e1ncer (MECCC), donde se especializ\u00f3 en oncolog\u00eda endocrina relacionada con el c\u00e1ncer de tiroides, los tumores paratiroideos y suprarrenales, y la investigaci\u00f3n cl\u00ednica de los tumores neuroendocrinos gastroenteropancre\u00e1ticos.<br>\n\nPosteriormente, complet\u00f3 una segunda beca en oncolog\u00eda m\u00e9dica en el Instituto Nacional del C\u00e1ncer (NCI), centrada en la investigaci\u00f3n de las neoplasias malignas endocrinas. La Dra. Del Rivero est\u00e1 certificada en medicina interna, endocrinolog\u00eda, diabetes y metabolismo y oncolog\u00eda m\u00e9dica. La Dra. Del Rivero es m\u00e9dica cient\u00edfica en la Rama de Terap\u00e9utica del Desarrollo. Es la investigadora principal del Estudio de Historia Natural de las Neoplasias Neuroendocrinas y el C\u00e1ncer Adrenocortical, cuyo objetivo es sentar las bases para el desarrollo de nuevas intervenciones terap\u00e9uticas.<\/p><\/div><\/div>\t\t\t\t<\/div>\n\t\t\t\t<\/div>\n\t\t<div class=\"elementor-element elementor-element-52a2fa6 e-con-full e-flex e-con e-child\" data-id=\"52a2fa6\" data-element_type=\"container\" data-e-type=\"container\" id=\"maria\" data-settings=\"{&quot;_ha_eqh_enable&quot;:false}\">\n\t\t\t\t<div class=\"elementor-element elementor-element-232e283 elementor-position-left elementor-vertical-align-top elementor-widget elementor-widget-image-box\" data-id=\"232e283\" data-element_type=\"widget\" data-e-type=\"widget\" data-widget_type=\"image-box.default\">\n\t\t\t\t\t<div class=\"elementor-image-box-wrapper\"><figure class=\"elementor-image-box-img\"><img loading=\"lazy\" decoding=\"async\" width=\"400\" height=\"500\" src=\"https:\/\/www.saem.org.ar\/congreso2025\/doc\/Dra.-Maria-Papaleontiou-1.webp\" class=\"attachment-full size-full wp-image-3562\" alt=\"\" srcset=\"https:\/\/www.saem.org.ar\/congreso2025\/doc\/Dra.-Maria-Papaleontiou-1.webp 400w, https:\/\/www.saem.org.ar\/congreso2025\/doc\/Dra.-Maria-Papaleontiou-1-240x300.webp 240w\" sizes=\"(max-width: 400px) 100vw, 400px\" \/><\/figure><div class=\"elementor-image-box-content\"><h3 class=\"elementor-image-box-title\">Mar\u00eda Papaleontiou<\/h3><p class=\"elementor-image-box-description\">La Dra. Maria Papaleontiou es profesora adjunta titular de Medicina Interna en la Divisi\u00f3n de Metabolismo, Endocrinolog\u00eda y Diabetes, y profesora adjunta de investigaci\u00f3n en el Instituto de Gerontolog\u00eda de la Universidad de M\u00edchigan. Complet\u00f3 su beca de investigaci\u00f3n en endocrinolog\u00eda en la Universidad de M\u00edchigan, donde posteriormente se incorpor\u00f3 al cuerpo docente en 2013. Ha recibido becas Fulbright y del Instituto M\u00e9dico Howard Hughes. Su pr\u00e1ctica cl\u00ednica se centra en las enfermedades tiroideas y el c\u00e1ncer de tiroides, as\u00ed como en la endocrinolog\u00eda geri\u00e1trica.\n\nLa Dra. Papaleontiou tambi\u00e9n es investigadora de servicios de salud en el campo de la tiroidolog\u00eda. Su investigaci\u00f3n se centra en evaluar los riesgos del tratamiento excesivo y el uso indebido de hormonas tiroideas en adultos mayores, comprender el papel de los proveedores y los pacientes en el uso y el uso indebido de hormonas tiroideas y c\u00f3mo se relaciona con los resultados de los pacientes en la poblaci\u00f3n que envejece, as\u00ed como el papel de la edad y la comorbilidad en la toma de decisiones sobre el c\u00e1ncer de tiroides. Su objetivo final es desarrollar herramientas para adaptar el tratamiento de las enfermedades tiroideas a las personas mayores, traduciendo los resultados de la investigaci\u00f3n en estrategias e intervenciones eficaces para mejorar la atenci\u00f3n a las personas mayores y reducir los da\u00f1os a los pacientes. Ha recibido financiaci\u00f3n del Instituto Nacional sobre el Envejecimiento, los Centros Claude D. Pepper para la Independencia de los Americanos Mayores, el N\u00facleo de Biolog\u00eda del Envejecimiento Cardiovascular de la Universidad de Michigan y el Premio de Investigaci\u00f3n Elizabeth Caroline Crosby. \n \n\n <\/p><\/div><\/div>\t\t\t\t<\/div>\n\t\t\t\t<\/div>\n\t\t\t\t\t<\/div>\n\t\t\t\t<\/div>\n\t\t\t\t<\/div>\n\t\t","protected":false},"excerpt":{"rendered":"<p>XXIV Congreso de Endocrinolog\u00eda y Metabolismo. SAEM 2025 Alejandro Ayala El Dr. Alejandro Ayala obtuvo su t\u00edtulo de m\u00e9dico en la Universidad Federal Fluminense de R\u00edo de Janeiro. Realiz\u00f3 su residencia en Medicina Interna en la Universidad Federal de S\u00e3o Paulo y posteriormente en el Georgetown\/Washington Hospital Center en Washington, D.C. Se especializ\u00f3 en Endocrinolog\u00eda [&hellip;]<\/p>\n","protected":false},"author":3,"featured_media":0,"parent":0,"menu_order":0,"comment_status":"closed","ping_status":"closed","template":"","meta":{"footnotes":""},"class_list":["post-3155","page","type-page","status-publish","hentry"],"_links":{"self":[{"href":"https:\/\/www.saem.org.ar\/congreso2025\/wp-json\/wp\/v2\/pages\/3155","targetHints":{"allow":["GET"]}}],"collection":[{"href":"https:\/\/www.saem.org.ar\/congreso2025\/wp-json\/wp\/v2\/pages"}],"about":[{"href":"https:\/\/www.saem.org.ar\/congreso2025\/wp-json\/wp\/v2\/types\/page"}],"author":[{"embeddable":true,"href":"https:\/\/www.saem.org.ar\/congreso2025\/wp-json\/wp\/v2\/users\/3"}],"replies":[{"embeddable":true,"href":"https:\/\/www.saem.org.ar\/congreso2025\/wp-json\/wp\/v2\/comments?post=3155"}],"version-history":[{"count":0,"href":"https:\/\/www.saem.org.ar\/congreso2025\/wp-json\/wp\/v2\/pages\/3155\/revisions"}],"wp:attachment":[{"href":"https:\/\/www.saem.org.ar\/congreso2025\/wp-json\/wp\/v2\/media?parent=3155"}],"curies":[{"name":"wp","href":"https:\/\/api.w.org\/{rel}","templated":true}]}}